{"id":3,"date":"2023-09-29T11:20:22","date_gmt":"2023-09-29T11:20:22","guid":{"rendered":"\/?page_id=3"},"modified":"2024-03-11T16:30:01","modified_gmt":"2024-03-11T15:30:01","slug":"privacybeleid","status":"publish","type":"page","link":"https:\/\/www.alternatievemiddelen.nl\/fr\/politique-de-confidentialite\/","title":{"rendered":"Politique de confidentialit\u00e9"},"content":{"rendered":"<div data-elementor-type=\"wp-page\" data-elementor-id=\"3\" class=\"elementor elementor-3\" data-elementor-post-type=\"page\">\n\t\t\t\t<div data-particle_enable=\"false\" data-particle-mobile-disabled=\"false\" class=\"elementor-element elementor-element-da1ebeb e-flex e-con-boxed e-con e-parent\" data-id=\"da1ebeb\" data-element_type=\"container\" data-settings=\"{&quot;jet_parallax_layout_list&quot;:[]}\">\n\t\t\t\t\t<div class=\"e-con-inner\">\n\t\t\t\t<div class=\"elementor-element elementor-element-7dba0a3 elementor-widget elementor-widget-heading\" data-id=\"7dba0a3\" data-element_type=\"widget\" data-widget_type=\"heading.default\">\n\t\t\t\t<div class=\"elementor-widget-container\">\n\t\t\t\t\t<h1 class=\"elementor-heading-title elementor-size-default\">Politique de confidentialit\u00e9 et cookies<\/h1>\t\t\t\t<\/div>\n\t\t\t\t<\/div>\n\t\t\t\t<div class=\"elementor-element elementor-element-60db5e7 elementor-widget elementor-widget-heading\" data-id=\"60db5e7\" data-element_type=\"widget\" data-widget_type=\"heading.default\">\n\t\t\t\t<div class=\"elementor-widget-container\">\n\t\t\t\t\t<h2 class=\"elementor-heading-title elementor-size-default\">Politique de confidentialit\u00e9<\/h2>\t\t\t\t<\/div>\n\t\t\t\t<\/div>\n\t\t\t\t<div class=\"elementor-element elementor-element-7643199 elementor-widget elementor-widget-text-editor\" data-id=\"7643199\" data-element_type=\"widget\" data-widget_type=\"text-editor.default\">\n\t\t\t\t<div class=\"elementor-widget-container\">\n\t\t\t\t\t\t\t\t\t<p>Alternatievemiddelen.nl BV se soucie de votre vie priv\u00e9e. C'est pourquoi nous ne traitons que les donn\u00e9es dont nous avons besoin pour (am\u00e9liorer) nos services et nous traitons avec soin les informations que nous recueillons sur vous et l'utilisation que vous faites de nos services. Nous ne communiquerons jamais vos donn\u00e9es \u00e0 des tiers \u00e0 des fins commerciales.<br \/>Cette politique de confidentialit\u00e9 s'applique \u00e0 l'utilisation du site web et des services auxquels Alternatievemiddelen.nl BV a acc\u00e8s. Cette politique de confidentialit\u00e9 d\u00e9crit les informations que nous recueillons \u00e0 votre sujet, l'usage qui en est fait, avec qui et dans quelles conditions elles peuvent \u00eatre partag\u00e9es avec des tiers. Nous expliquons \u00e9galement comment nous stockons vos donn\u00e9es, comment nous les prot\u00e9geons contre les abus et quels sont vos droits en ce qui concerne les donn\u00e9es personnelles que vous nous fournissez.<\/p>\t\t\t\t\t\t\t\t<\/div>\n\t\t\t\t<\/div>\n\t\t\t\t<div class=\"elementor-element elementor-element-800a034 elementor-widget elementor-widget-heading\" data-id=\"800a034\" data-element_type=\"widget\" data-widget_type=\"heading.default\">\n\t\t\t\t<div class=\"elementor-widget-container\">\n\t\t\t\t\t<h2 class=\"elementor-heading-title elementor-size-default\">Donn\u00e9es personnelles trait\u00e9es par nos soins\n<\/h2>\t\t\t\t<\/div>\n\t\t\t\t<\/div>\n\t\t\t\t<div class=\"elementor-element elementor-element-3d5d91d elementor-widget elementor-widget-text-editor\" data-id=\"3d5d91d\" data-element_type=\"widget\" data-widget_type=\"text-editor.default\">\n\t\t\t\t<div class=\"elementor-widget-container\">\n\t\t\t\t\t\t\t\t\t<p>Nous traitons des donn\u00e9es \u00e0 caract\u00e8re personnel vous concernant parce que vous nous passez une commande et utilisez ainsi nos services et\/ou parce que vous nous fournissez vous-m\u00eame ces donn\u00e9es. Vous trouverez ci-dessous un aper\u00e7u des donn\u00e9es personnelles que nous traitons :<\/p>\n<ul>\n<li>Vos nom et pr\u00e9nom ;<\/li>\n<li>Vos coordonn\u00e9es ;<\/li>\n<li>Votre pays ;<\/li>\n<li>Votre num\u00e9ro de t\u00e9l\u00e9phone ;<\/li>\n<li>Votre adresse \u00e9lectronique ;<\/li>\n<li>Votre adresse IP ;<\/li>\n<li>Votre navigateur internet et votre type d'appareil ;<\/li>\n<li>D'autres donn\u00e9es personnelles que vous fournissez activement, par exemple en cr\u00e9ant un profil sur ce site web ;<\/li>\n<li>Vos donn\u00e9es de paiement (par exemple, num\u00e9ro de compte bancaire, num\u00e9ro de carte de cr\u00e9dit ou compte PayPal).<\/li>\n<\/ul>\n<p>Si vous avez des questions concernant notre politique de confidentialit\u00e9, veuillez nous contacter \u00e0 l'adresse suivante : info@alternatievemiddelen.nl.<\/p>\t\t\t\t\t\t\t\t<\/div>\n\t\t\t\t<\/div>\n\t\t\t\t<div class=\"elementor-element elementor-element-1a93281 elementor-widget elementor-widget-heading\" data-id=\"1a93281\" data-element_type=\"widget\" data-widget_type=\"heading.default\">\n\t\t\t\t<div class=\"elementor-widget-container\">\n\t\t\t\t\t<h2 class=\"elementor-heading-title elementor-size-default\">Traitement des donn\u00e9es<\/h2>\t\t\t\t<\/div>\n\t\t\t\t<\/div>\n\t\t\t\t<div class=\"elementor-element elementor-element-bae8a16 elementor-widget elementor-widget-text-editor\" data-id=\"bae8a16\" data-element_type=\"widget\" data-widget_type=\"text-editor.default\">\n\t\t\t\t<div class=\"elementor-widget-container\">\n\t\t\t\t\t\t\t\t\t<p>Vous pouvez lire ci-dessous comment nous traitons vos donn\u00e9es, o\u00f9 nous les stockons (ou les faisons stocker), quelles techniques de s\u00e9curit\u00e9 nous utilisons et \u00e0 qui les donn\u00e9es peuvent \u00eatre accessibles.<\/p>\t\t\t\t\t\t\t\t<\/div>\n\t\t\t\t<\/div>\n\t\t\t\t<div class=\"elementor-element elementor-element-8049de6 elementor-widget elementor-widget-heading\" data-id=\"8049de6\" data-element_type=\"widget\" data-widget_type=\"heading.default\">\n\t\t\t\t<div class=\"elementor-widget-container\">\n\t\t\t\t\t<h3 class=\"elementor-heading-title elementor-size-default\">Logiciel de boutique en ligne\n<\/h3>\t\t\t\t<\/div>\n\t\t\t\t<\/div>\n\t\t\t\t<div class=\"elementor-element elementor-element-9ded4cb elementor-widget elementor-widget-text-editor\" data-id=\"9ded4cb\" data-element_type=\"widget\" data-widget_type=\"text-editor.default\">\n\t\t\t\t<div class=\"elementor-widget-container\">\n\t\t\t\t\t\t\t\t\t<p><em>WooCommerce<\/em><\/p>\n<p>Notre boutique en ligne est d\u00e9velopp\u00e9e avec le logiciel WooCommerce, nous h\u00e9bergeons notre boutique en ligne sur un serveur tiers (voir ci-dessous). Nous avons pris des mesures techniques et organisationnelles appropri\u00e9es pour emp\u00eacher autant que possible l'abus, la perte et la corruption des donn\u00e9es. Ces mesures de s\u00e9curit\u00e9 consistent au moins en l'application<br \/>d'un cryptage SSL et d'une politique de mots de passe forts. Des sauvegardes r\u00e9guli\u00e8res sont effectu\u00e9es pour \u00e9viter la perte de donn\u00e9es.<\/p>\n<p><em>Certificat SSL<\/em><\/p>\n<p>Nous utilisons une connexion crypt\u00e9e (certificat SSL) qui s\u00e9curise la transmission des donn\u00e9es 100%. Les visiteurs d'une boutique en ligne dot\u00e9e d'un certificat SSL savent que leurs donn\u00e9es personnelles sont trait\u00e9es en toute s\u00e9curit\u00e9 et que les personnes malveillantes ne peuvent pas les \"\u00e9couter\". Le certificat leur permet \u00e9galement de savoir que les donn\u00e9es ne parviendront qu'\u00e0 leur propri\u00e9taire. Vous pouvez reconna\u00eetre une connexion s\u00e9curis\u00e9e \u00e0 la mention \"HTTPS\" devant le nom de domaine et la cl\u00e9 dans la barre d'adresse.<\/p>\t\t\t\t\t\t\t\t<\/div>\n\t\t\t\t<\/div>\n\t\t\t\t<div class=\"elementor-element elementor-element-78bd0fd elementor-widget elementor-widget-heading\" data-id=\"78bd0fd\" data-element_type=\"widget\" data-widget_type=\"heading.default\">\n\t\t\t\t<div class=\"elementor-widget-container\">\n\t\t\t\t\t<h3 class=\"elementor-heading-title elementor-size-default\">H\u00e9bergement web<\/h3>\t\t\t\t<\/div>\n\t\t\t\t<\/div>\n\t\t\t\t<div class=\"elementor-element elementor-element-6e94163 elementor-widget elementor-widget-text-editor\" data-id=\"6e94163\" data-element_type=\"widget\" data-widget_type=\"text-editor.default\">\n\t\t\t\t<div class=\"elementor-widget-container\">\n\t\t\t\t\t\t\t\t\t<p><em>Cloud86<\/em><\/p>\n<p>Nous avons choisi Cloud86 pour l'h\u00e9bergement de notre site web. Les donn\u00e9es personnelles que vous mettez \u00e0 notre disposition dans le cadre de nos services sont partag\u00e9es avec cette partie. Cloud86 a acc\u00e8s \u00e0 vos donn\u00e9es pour nous fournir une assistance (technique) et n'utilisera jamais vos donn\u00e9es \u00e0 d'autres fins. Sur la base de l'accord que nous avons conclu avec eux, Cloud86 est tenu de prendre des mesures de s\u00e9curit\u00e9 appropri\u00e9es.<\/p>\t\t\t\t\t\t\t\t<\/div>\n\t\t\t\t<\/div>\n\t\t\t\t<div class=\"elementor-element elementor-element-2ace1eb elementor-widget elementor-widget-heading\" data-id=\"2ace1eb\" data-element_type=\"widget\" data-widget_type=\"heading.default\">\n\t\t\t\t<div class=\"elementor-widget-container\">\n\t\t\t\t\t<h3 class=\"elementor-heading-title elementor-size-default\">E-mail et listes de diffusion<\/h3>\t\t\t\t<\/div>\n\t\t\t\t<\/div>\n\t\t\t\t<div class=\"elementor-element elementor-element-8ab603b elementor-widget elementor-widget-text-editor\" data-id=\"8ab603b\" data-element_type=\"widget\" data-widget_type=\"text-editor.default\">\n\t\t\t\t<div class=\"elementor-widget-container\">\n\t\t\t\t\t\t\t\t\t<p><em>MailChimp<\/em><\/p>\n<p>Nous envoyons nos bulletins d'information par courrier \u00e9lectronique en utilisant MailChimp. MailChimp n'utilisera jamais votre nom et votre adresse e-mail \u00e0 ses propres fins. Vous verrez les<br \/>lien \"se d\u00e9sinscrire\". Vous ne recevrez alors plus notre lettre d'information. Vos donn\u00e9es personnelles sont stock\u00e9es en toute s\u00e9curit\u00e9 par MailChimp. MailChimp utilise des cookies et d'autres technologies Internet qui permettent de savoir si les courriels sont ouverts et lus. MailChimp se r\u00e9serve le droit d'utiliser vos donn\u00e9es pour am\u00e9liorer ses services et de partager des informations avec des tiers dans ce contexte.<\/p>\n<p><em>Agrippa<\/em><\/p>\n<p>Nous utilisons les services d'Agrippa pour notre trafic r\u00e9gulier de courrier \u00e9lectronique professionnel. Cette partie a pris les mesures techniques et organisationnelles appropri\u00e9es pour emp\u00eacher autant que possible l'abus, la perte et la corruption de vos donn\u00e9es et des n\u00f4tres. Agrippa n'a pas acc\u00e8s \u00e0 notre bo\u00eete aux lettres et nous traitons tout notre trafic de courrier \u00e9lectronique de mani\u00e8re confidentielle.<\/p>\t\t\t\t\t\t\t\t<\/div>\n\t\t\t\t<\/div>\n\t\t\t\t<div class=\"elementor-element elementor-element-f0bbbd3 elementor-widget elementor-widget-heading\" data-id=\"f0bbbd3\" data-element_type=\"widget\" data-widget_type=\"heading.default\">\n\t\t\t\t<div class=\"elementor-widget-container\">\n\t\t\t\t\t<h3 class=\"elementor-heading-title elementor-size-default\">Paiements<\/h3>\t\t\t\t<\/div>\n\t\t\t\t<\/div>\n\t\t\t\t<div class=\"elementor-element elementor-element-682bd54 elementor-widget elementor-widget-text-editor\" data-id=\"682bd54\" data-element_type=\"widget\" data-widget_type=\"text-editor.default\">\n\t\t\t\t<div class=\"elementor-widget-container\">\n\t\t\t\t\t\t\t\t\t<p><em>Paiements Mollie<\/em><\/p>\n<p>Nous utilisons la plateforme de Mollie pour traiter les paiements dans notre boutique en ligne. Mollie traite votre nom, votre adresse et votre lieu de r\u00e9sidence ainsi que vos donn\u00e9es de paiement telles que votre num\u00e9ro de compte bancaire, de PayPal ou de carte de cr\u00e9dit. Mollie a pris des mesures techniques et organisationnelles appropri\u00e9es pour prot\u00e9ger vos donn\u00e9es personnelles. Mollie se r\u00e9serve le droit d'utiliser vos donn\u00e9es pour am\u00e9liorer le service et de partager des donn\u00e9es (anonymes) avec des tiers dans ce contexte. Toutes les garanties susmentionn\u00e9es concernant la protection de vos donn\u00e9es personnelles s'appliquent \u00e9galement aux parties des services de Mollie pour lesquelles elle fait appel \u00e0 des tiers. Mollie ne conservera pas vos donn\u00e9es plus longtemps que les d\u00e9lais l\u00e9gaux ne le permettent.<\/p>\t\t\t\t\t\t\t\t<\/div>\n\t\t\t\t<\/div>\n\t\t\t\t<div class=\"elementor-element elementor-element-f4c23b0 elementor-widget elementor-widget-heading\" data-id=\"f4c23b0\" data-element_type=\"widget\" data-widget_type=\"heading.default\">\n\t\t\t\t<div class=\"elementor-widget-container\">\n\t\t\t\t\t<h3 class=\"elementor-heading-title elementor-size-default\">Commentaires<\/h3>\t\t\t\t<\/div>\n\t\t\t\t<\/div>\n\t\t\t\t<div class=\"elementor-element elementor-element-b7a88b2 elementor-widget elementor-widget-text-editor\" data-id=\"b7a88b2\" data-element_type=\"widget\" data-widget_type=\"text-editor.default\">\n\t\t\t\t<div class=\"elementor-widget-container\">\n\t\t\t\t\t\t\t\t\t<p><em>WebwinkelKeur<\/em><\/p>\n<p>Nous recueillons des avis par l'interm\u00e9diaire de la plateforme WebwinkelKeur. Si vous laissez un avis via WebwinkelKeur, vous devez fournir votre nom et votre adresse e-mail. WebwinkelKeur partage ces informations avec nous afin que nous puissions relier l'avis \u00e0 votre commande. WebwinkelKeur publie \u00e9galement votre nom sur son propre site web. Dans certains cas, WebwinkelKeur peut vous contacter pour commenter votre avis. Dans le cas o\u00f9 nous vous invitons \u00e0 laisser un commentaire, nous partageons votre nom et votre adresse e-mail avec WebwinkelKeur. WebwinkelKeur n'utilise ces donn\u00e9es que dans le but de vous inviter \u00e0 laisser un commentaire. WebwinkelKeur a pris des mesures techniques et organisationnelles appropri\u00e9es pour prot\u00e9ger vos donn\u00e9es personnelles. WebwinkelKeur se r\u00e9serve le droit de faire appel \u00e0 des tiers pour la fourniture de services pour lesquels nous avons donn\u00e9 notre accord \u00e0 WebwinkelKeur. Toutes les garanties susmentionn\u00e9es concernant la protection de vos donn\u00e9es personnelles s'appliquent \u00e9galement aux parties du service pour lesquelles WebwinkelKeur fait appel \u00e0 des tiers.<\/p>\n<p><em>WooCommerce<\/em><\/p>\n<p>Nous recueillons les avis par l'interm\u00e9diaire de la plateforme WooCommerce. Nous avons pris des mesures techniques et organisationnelles appropri\u00e9es pour pr\u00e9venir autant que possible les abus, les pertes et les alt\u00e9rations de donn\u00e9es.<\/p>\t\t\t\t\t\t\t\t<\/div>\n\t\t\t\t<\/div>\n\t\t\t\t<div class=\"elementor-element elementor-element-b90cd54 elementor-widget elementor-widget-heading\" data-id=\"b90cd54\" data-element_type=\"widget\" data-widget_type=\"heading.default\">\n\t\t\t\t<div class=\"elementor-widget-container\">\n\t\t\t\t\t<h3 class=\"elementor-heading-title elementor-size-default\">Exp\u00e9dition et logistique<\/h3>\t\t\t\t<\/div>\n\t\t\t\t<\/div>\n\t\t\t\t<div class=\"elementor-element elementor-element-315ba53 elementor-widget elementor-widget-text-editor\" data-id=\"315ba53\" data-element_type=\"widget\" data-widget_type=\"text-editor.default\">\n\t\t\t\t<div class=\"elementor-widget-container\">\n\t\t\t\t\t\t\t\t\t<p><em>PostNL, DHL, DPD ou UPS<\/em><\/p>\n<p>Lorsque vous passez une commande chez nous, notre t\u00e2che consiste \u00e0 vous livrer votre colis. Nous utilisons les services de PostNL, DHL, DPD ou UPS pour effectuer les livraisons. Pour ce faire, nous devons communiquer votre nom, votre adresse et votre lieu de r\u00e9sidence \u00e0 PostNL, DHL, DPD ou UPS. PostNL, DHL, DPD ou UPS n'utiliseront ces donn\u00e9es que pour l'ex\u00e9cution du contrat. Si PostNL, DHL, DPD ou UPS fait appel \u00e0 des sous-traitants, PostNL, DHL, DPD ou UPS mettra \u00e9galement vos donn\u00e9es \u00e0 la disposition de ces parties.<\/p>\t\t\t\t\t\t\t\t<\/div>\n\t\t\t\t<\/div>\n\t\t\t\t<div class=\"elementor-element elementor-element-a98a1ed elementor-widget elementor-widget-heading\" data-id=\"a98a1ed\" data-element_type=\"widget\" data-widget_type=\"heading.default\">\n\t\t\t\t<div class=\"elementor-widget-container\">\n\t\t\t\t\t<h2 class=\"elementor-heading-title elementor-size-default\">Finalit\u00e9 du traitement des donn\u00e9es<\/h2>\t\t\t\t<\/div>\n\t\t\t\t<\/div>\n\t\t\t\t<div class=\"elementor-element elementor-element-1e8f9f0 elementor-widget elementor-widget-heading\" data-id=\"1e8f9f0\" data-element_type=\"widget\" data-widget_type=\"heading.default\">\n\t\t\t\t<div class=\"elementor-widget-container\">\n\t\t\t\t\t<h3 class=\"elementor-heading-title elementor-size-default\">Finalit\u00e9 g\u00e9n\u00e9rale du traitement<\/h3>\t\t\t\t<\/div>\n\t\t\t\t<\/div>\n\t\t\t\t<div class=\"elementor-element elementor-element-fad4801 elementor-widget elementor-widget-text-editor\" data-id=\"fad4801\" data-element_type=\"widget\" data-widget_type=\"text-editor.default\">\n\t\t\t\t<div class=\"elementor-widget-container\">\n\t\t\t\t\t\t\t\t\t<p>Nous utilisons vos donn\u00e9es exclusivement dans le cadre de nos services. Cela signifie que la finalit\u00e9 du traitement est toujours directement li\u00e9e \u00e0 la mission que vous nous confiez. Nous n'utilisons pas vos donn\u00e9es \u00e0 des fins de marketing (cibl\u00e9). Si vous nous communiquez des donn\u00e9es et que nous les utilisons - autrement qu'\u00e0 votre demande - pour vous contacter ult\u00e9rieurement, nous vous demanderons l'autorisation explicite de le faire. Vos donn\u00e9es ne seront pas communiqu\u00e9es \u00e0 des tiers, sauf pour satisfaire \u00e0 des obligations comptables et administratives.<\/p>\t\t\t\t\t\t\t\t<\/div>\n\t\t\t\t<\/div>\n\t\t\t\t<div class=\"elementor-element elementor-element-57027d5 elementor-widget elementor-widget-heading\" data-id=\"57027d5\" data-element_type=\"widget\" data-widget_type=\"heading.default\">\n\t\t\t\t<div class=\"elementor-widget-container\">\n\t\t\t\t\t<h3 class=\"elementor-heading-title elementor-size-default\">Donn\u00e9es collect\u00e9es automatiquement<\/h3>\t\t\t\t<\/div>\n\t\t\t\t<\/div>\n\t\t\t\t<div class=\"elementor-element elementor-element-096b9c9 elementor-widget elementor-widget-text-editor\" data-id=\"096b9c9\" data-element_type=\"widget\" data-widget_type=\"text-editor.default\">\n\t\t\t\t<div class=\"elementor-widget-container\">\n\t\t\t\t\t\t\t\t\t<p>Les donn\u00e9es collect\u00e9es automatiquement par notre site web sont trait\u00e9es dans le but d'am\u00e9liorer nos services. Ces donn\u00e9es (par exemple votre adresse IP, votre navigateur web et votre syst\u00e8me d'exploitation) ne sont pas des donn\u00e9es personnelles.<\/p>\t\t\t\t\t\t\t\t<\/div>\n\t\t\t\t<\/div>\n\t\t\t\t<div class=\"elementor-element elementor-element-dddc1c1 elementor-widget elementor-widget-heading\" data-id=\"dddc1c1\" data-element_type=\"widget\" data-widget_type=\"heading.default\">\n\t\t\t\t<div class=\"elementor-widget-container\">\n\t\t\t\t\t<h3 class=\"elementor-heading-title elementor-size-default\">Coop\u00e9ration dans les enqu\u00eates fiscales et p\u00e9nales<\/h3>\t\t\t\t<\/div>\n\t\t\t\t<\/div>\n\t\t\t\t<div class=\"elementor-element elementor-element-66d159f elementor-widget elementor-widget-text-editor\" data-id=\"66d159f\" data-element_type=\"widget\" data-widget_type=\"text-editor.default\">\n\t\t\t\t<div class=\"elementor-widget-container\">\n\t\t\t\t\t\t\t\t\t<p>Le cas \u00e9ch\u00e9ant, Alternatievemiddelen.nl BV peut \u00eatre tenu par la loi de partager vos donn\u00e9es dans le cadre d'enqu\u00eates fiscales ou criminelles men\u00e9es par le gouvernement. Dans ce cas, nous sommes contraints de partager vos donn\u00e9es, mais nous nous y opposerons dans le cadre des possibilit\u00e9s offertes par la loi.<\/p>\t\t\t\t\t\t\t\t<\/div>\n\t\t\t\t<\/div>\n\t\t\t\t<div class=\"elementor-element elementor-element-1fd060f elementor-widget elementor-widget-heading\" data-id=\"1fd060f\" data-element_type=\"widget\" data-widget_type=\"heading.default\">\n\t\t\t\t<div class=\"elementor-widget-container\">\n\t\t\t\t\t<h3 class=\"elementor-heading-title elementor-size-default\">D\u00e9lais de conservation<\/h3>\t\t\t\t<\/div>\n\t\t\t\t<\/div>\n\t\t\t\t<div class=\"elementor-element elementor-element-06f60be elementor-widget elementor-widget-text-editor\" data-id=\"06f60be\" data-element_type=\"widget\" data-widget_type=\"text-editor.default\">\n\t\t\t\t<div class=\"elementor-widget-container\">\n\t\t\t\t\t\t\t\t\t<p>Nous conservons vos donn\u00e9es aussi longtemps que vous \u00eates notre client. Cela signifie que nous conservons votre profil de client jusqu'\u00e0 ce que vous nous indiquiez que vous ne souhaitez plus utiliser nos services. Si vous nous l'indiquez, nous l'interpr\u00e9terons \u00e9galement comme une demande d'oubli. En raison d'obligations administratives applicables, nous devons conserver les factures contenant vos donn\u00e9es (personnelles), que nous conserverons donc aussi longtemps que durera le d\u00e9lai applicable.<\/p>\t\t\t\t\t\t\t\t<\/div>\n\t\t\t\t<\/div>\n\t\t\t\t<div class=\"elementor-element elementor-element-ca5b6da elementor-widget elementor-widget-heading\" data-id=\"ca5b6da\" data-element_type=\"widget\" data-widget_type=\"heading.default\">\n\t\t\t\t<div class=\"elementor-widget-container\">\n\t\t\t\t\t<h2 class=\"elementor-heading-title elementor-size-default\">Vos droits<\/h2>\t\t\t\t<\/div>\n\t\t\t\t<\/div>\n\t\t\t\t<div class=\"elementor-element elementor-element-fea6b7b elementor-widget elementor-widget-text-editor\" data-id=\"fea6b7b\" data-element_type=\"widget\" data-widget_type=\"text-editor.default\">\n\t\t\t\t<div class=\"elementor-widget-container\">\n\t\t\t\t\t\t\t\t\t<p>En vertu de la l\u00e9gislation n\u00e9erlandaise et europ\u00e9enne applicable, vous disposez, en tant que personne concern\u00e9e, de certains droits relatifs aux donn\u00e9es personnelles trait\u00e9es par nous ou en notre nom. Nous expliquons ci-dessous de quels droits il s'agit et comment vous pouvez les invoquer.<\/p>\n<p>En principe, pour \u00e9viter les abus, nous n'envoyons les relev\u00e9s et les copies de vos donn\u00e9es qu'\u00e0 l'adresse \u00e9lectronique que nous connaissons d\u00e9j\u00e0. Si vous souhaitez recevoir les donn\u00e9es \u00e0 une autre adresse \u00e9lectronique ou par la poste, par exemple, nous vous demanderons de vous identifier. Nous conservons une trace des demandes trait\u00e9es ; en cas d'oubli, nous g\u00e9rons des donn\u00e9es anonymes. Vous recevrez toutes les copies et transcriptions des donn\u00e9es dans le format de donn\u00e9es lisible par machine que nous utilisons dans nos syst\u00e8mes.<\/p>\n<p>Vous avez le droit de vous plaindre \u00e0 l'Autorit\u00e9 des donn\u00e9es personnelles \u00e0 tout moment si vous soup\u00e7onnez que nous utilisons vos donn\u00e9es personnelles de mani\u00e8re inappropri\u00e9e.<\/p>\t\t\t\t\t\t\t\t<\/div>\n\t\t\t\t<\/div>\n\t\t\t\t<div class=\"elementor-element elementor-element-17f0662 elementor-widget elementor-widget-heading\" data-id=\"17f0662\" data-element_type=\"widget\" data-widget_type=\"heading.default\">\n\t\t\t\t<div class=\"elementor-widget-container\">\n\t\t\t\t\t<h3 class=\"elementor-heading-title elementor-size-default\">Droit de regard<\/h3>\t\t\t\t<\/div>\n\t\t\t\t<\/div>\n\t\t\t\t<div class=\"elementor-element elementor-element-c300672 elementor-widget elementor-widget-text-editor\" data-id=\"c300672\" data-element_type=\"widget\" data-widget_type=\"text-editor.default\">\n\t\t\t\t<div class=\"elementor-widget-container\">\n\t\t\t\t\t\t\t\t\t<p>Vous avez toujours le droit de consulter les donn\u00e9es que nous traitons (ou avons trait\u00e9es) et qui se rapportent \u00e0 votre personne ou qui permettent de remonter jusqu'\u00e0 vous. Vous pouvez nous adresser une demande \u00e0 cet effet. Vous recevrez une r\u00e9ponse \u00e0 votre demande dans les 30 jours. Si votre demande est accept\u00e9e, nous vous enverrons une copie de toutes les donn\u00e9es avec un aper\u00e7u des sous-traitants qui d\u00e9tiennent ces donn\u00e9es, en indiquant la cat\u00e9gorie sous laquelle nous avons stock\u00e9 ces donn\u00e9es, \u00e0 l'adresse \u00e9lectronique dont nous avons connaissance.<\/p>\t\t\t\t\t\t\t\t<\/div>\n\t\t\t\t<\/div>\n\t\t\t\t<div class=\"elementor-element elementor-element-dd18560 elementor-widget elementor-widget-heading\" data-id=\"dd18560\" data-element_type=\"widget\" data-widget_type=\"heading.default\">\n\t\t\t\t<div class=\"elementor-widget-container\">\n\t\t\t\t\t<h3 class=\"elementor-heading-title elementor-size-default\">Droit de rectification<\/h3>\t\t\t\t<\/div>\n\t\t\t\t<\/div>\n\t\t\t\t<div class=\"elementor-element elementor-element-cd1cebc elementor-widget elementor-widget-text-editor\" data-id=\"cd1cebc\" data-element_type=\"widget\" data-widget_type=\"text-editor.default\">\n\t\t\t\t<div class=\"elementor-widget-container\">\n\t\t\t\t\t\t\t\t\t<p>Vous avez toujours le droit de faire modifier les donn\u00e9es que nous traitons (ou faisons traiter) et qui se rapportent \u00e0 votre personne ou qui permettent de remonter jusqu'\u00e0 vous. Vous pouvez nous adresser une demande \u00e0 cet effet. Vous recevrez une r\u00e9ponse \u00e0 votre demande dans les 30 jours. Si votre demande est accept\u00e9e, nous vous enverrons une confirmation \u00e0 l'adresse \u00e9lectronique que nous connaissons, indiquant que les donn\u00e9es ont \u00e9t\u00e9 modifi\u00e9es.<\/p>\t\t\t\t\t\t\t\t<\/div>\n\t\t\t\t<\/div>\n\t\t\t\t<div class=\"elementor-element elementor-element-4d3e423 elementor-widget elementor-widget-heading\" data-id=\"4d3e423\" data-element_type=\"widget\" data-widget_type=\"heading.default\">\n\t\t\t\t<div class=\"elementor-widget-container\">\n\t\t\t\t\t<h3 class=\"elementor-heading-title elementor-size-default\">Droit \u00e0 la limitation du traitement\n<\/h3>\t\t\t\t<\/div>\n\t\t\t\t<\/div>\n\t\t\t\t<div class=\"elementor-element elementor-element-6fa8c60 elementor-widget elementor-widget-text-editor\" data-id=\"6fa8c60\" data-element_type=\"widget\" data-widget_type=\"text-editor.default\">\n\t\t\t\t<div class=\"elementor-widget-container\">\n\t\t\t\t\t\t\t\t\t<p>Vous avez toujours le droit de limiter les donn\u00e9es que nous traitons (ou faisons traiter) et qui se rapportent \u00e0 votre personne ou qui permettent de remonter jusqu'\u00e0 elle. Vous pouvez nous en faire la demande. Vous recevrez une r\u00e9ponse \u00e0 votre demande dans les 30 jours. Si votre demande est accept\u00e9e, nous vous enverrons une confirmation \u00e0 l'adresse \u00e9lectronique dont nous avons connaissance que les donn\u00e9es ne seront plus trait\u00e9es jusqu'\u00e0 ce que vous r\u00e9voquiez la limitation.<\/p>\t\t\t\t\t\t\t\t<\/div>\n\t\t\t\t<\/div>\n\t\t\t\t<div class=\"elementor-element elementor-element-648a350 elementor-widget elementor-widget-heading\" data-id=\"648a350\" data-element_type=\"widget\" data-widget_type=\"heading.default\">\n\t\t\t\t<div class=\"elementor-widget-container\">\n\t\t\t\t\t<h3 class=\"elementor-heading-title elementor-size-default\">Droit de transfert<\/h3>\t\t\t\t<\/div>\n\t\t\t\t<\/div>\n\t\t\t\t<div class=\"elementor-element elementor-element-14b9c68 elementor-widget elementor-widget-text-editor\" data-id=\"14b9c68\" data-element_type=\"widget\" data-widget_type=\"text-editor.default\">\n\t\t\t\t<div class=\"elementor-widget-container\">\n\t\t\t\t\t\t\t\t\t<p>Vous avez toujours le droit d'obtenir que les donn\u00e9es que nous traitons (ou faisons traiter) et qui se rapportent \u00e0 votre personne ou qui peuvent \u00eatre retrac\u00e9es jusqu'\u00e0 vous soient communiqu\u00e9es \u00e0 une autre partie. Vous pouvez nous en faire la demande. Vous recevrez une r\u00e9ponse \u00e0 votre demande dans les 30 jours. Si votre demande est accept\u00e9e, nous vous enverrons, \u00e0 l'adresse \u00e9lectronique que nous connaissons, des copies de toutes les donn\u00e9es vous concernant que nous avons trait\u00e9es ou qui ont \u00e9t\u00e9 trait\u00e9es en notre nom par d'autres sous-traitants ou des tiers. Selon toute probabilit\u00e9, nous ne serons plus en mesure de continuer \u00e0 fournir des services dans un tel cas, \u00e9tant donn\u00e9 que la connexion s\u00e9curis\u00e9e des fichiers de donn\u00e9es ne peut plus \u00eatre garantie.<\/p>\t\t\t\t\t\t\t\t<\/div>\n\t\t\t\t<\/div>\n\t\t\t\t<div class=\"elementor-element elementor-element-e0ed664 elementor-widget elementor-widget-heading\" data-id=\"e0ed664\" data-element_type=\"widget\" data-widget_type=\"heading.default\">\n\t\t\t\t<div class=\"elementor-widget-container\">\n\t\t\t\t\t<h3 class=\"elementor-heading-title elementor-size-default\">Droit d'opposition et autres droits<\/h3>\t\t\t\t<\/div>\n\t\t\t\t<\/div>\n\t\t\t\t<div class=\"elementor-element elementor-element-498961a elementor-widget elementor-widget-text-editor\" data-id=\"498961a\" data-element_type=\"widget\" data-widget_type=\"text-editor.default\">\n\t\t\t\t<div class=\"elementor-widget-container\">\n\t\t\t\t\t\t\t\t\t<p>Vous avez le droit de vous opposer, le cas \u00e9ch\u00e9ant, au traitement de vos donn\u00e9es personnelles par ou au nom de Alternatievemiddelen.nl BV. Si vous vous y opposez, nous cesserons imm\u00e9diatement de traiter les donn\u00e9es dans l'attente du traitement de votre objection. Si votre objection est fond\u00e9e, nous vous fournirons des copies et\/ou des copies des donn\u00e9es que nous traitons (ou avons trait\u00e9es) et nous cesserons ensuite d\u00e9finitivement le traitement. Vous avez \u00e9galement le droit de ne pas \u00eatre soumis \u00e0 une prise de d\u00e9cision individuelle automatis\u00e9e ou \u00e0 un profilage. Nous ne traitons pas vos donn\u00e9es de mani\u00e8re \u00e0 ce que ce droit s'applique. Si vous pensez que c'est le cas, veuillez nous contacter.<\/p>\t\t\t\t\t\t\t\t<\/div>\n\t\t\t\t<\/div>\n\t\t\t\t<div class=\"elementor-element elementor-element-2365357 elementor-widget elementor-widget-heading\" data-id=\"2365357\" data-element_type=\"widget\" data-widget_type=\"heading.default\">\n\t\t\t\t<div class=\"elementor-widget-container\">\n\t\t\t\t\t<h2 class=\"elementor-heading-title elementor-size-default\">Cookies<\/h2>\t\t\t\t<\/div>\n\t\t\t\t<\/div>\n\t\t\t\t<div class=\"elementor-element elementor-element-c4d522f elementor-widget elementor-widget-heading\" data-id=\"c4d522f\" data-element_type=\"widget\" data-widget_type=\"heading.default\">\n\t\t\t\t<div class=\"elementor-widget-container\">\n\t\t\t\t\t<h3 class=\"elementor-heading-title elementor-size-default\">Google Analytics<\/h3>\t\t\t\t<\/div>\n\t\t\t\t<\/div>\n\t\t\t\t<div class=\"elementor-element elementor-element-e36b6ce elementor-widget elementor-widget-text-editor\" data-id=\"e36b6ce\" data-element_type=\"widget\" data-widget_type=\"text-editor.default\">\n\t\t\t\t<div class=\"elementor-widget-container\">\n\t\t\t\t\t\t\t\t\t<p>Sur notre site web, des cookies sont plac\u00e9s par la soci\u00e9t\u00e9 am\u00e9ricaine Google, dans le cadre du service \"Analytics\". Nous utilisons ce service pour suivre et recevoir des rapports sur la fa\u00e7on dont les visiteurs utilisent le site web. Ce sous-traitant peut \u00eatre tenu, en vertu des lois et r\u00e8glements applicables, de donner acc\u00e8s \u00e0 ces donn\u00e9es. Nous collectons des informations sur votre comportement de navigation et les transmettons \u00e0 Google. Google peut interpr\u00e9ter ces informations en conjonction avec d'autres ensembles de donn\u00e9es et ainsi suivre vos mouvements sur Internet. Google utilise ces informations pour proposer des publicit\u00e9s cibl\u00e9es (Adwords) et d'autres services et produits Google, entre autres.<\/p>\t\t\t\t\t\t\t\t<\/div>\n\t\t\t\t<\/div>\n\t\t\t\t<div class=\"elementor-element elementor-element-0fdeadc elementor-widget elementor-widget-heading\" data-id=\"0fdeadc\" data-element_type=\"widget\" data-widget_type=\"heading.default\">\n\t\t\t\t<div class=\"elementor-widget-container\">\n\t\t\t\t\t<h3 class=\"elementor-heading-title elementor-size-default\">Cookies de tiers\n<\/h3>\t\t\t\t<\/div>\n\t\t\t\t<\/div>\n\t\t\t\t<div class=\"elementor-element elementor-element-09ba493 elementor-widget elementor-widget-text-editor\" data-id=\"09ba493\" data-element_type=\"widget\" data-widget_type=\"text-editor.default\">\n\t\t\t\t<div class=\"elementor-widget-container\">\n\t\t\t\t\t\t\t\t\t<p>Si des solutions logicielles de tiers utilisent des cookies, cela est mentionn\u00e9 dans la pr\u00e9sente d\u00e9claration de confidentialit\u00e9.<\/p>\t\t\t\t\t\t\t\t<\/div>\n\t\t\t\t<\/div>\n\t\t\t\t<div class=\"elementor-element elementor-element-268dd54 elementor-widget elementor-widget-heading\" data-id=\"268dd54\" data-element_type=\"widget\" data-widget_type=\"heading.default\">\n\t\t\t\t<div class=\"elementor-widget-container\">\n\t\t\t\t\t<h2 class=\"elementor-heading-title elementor-size-default\">Modifications de la politique de confidentialit\u00e9<\/h2>\t\t\t\t<\/div>\n\t\t\t\t<\/div>\n\t\t\t\t<div class=\"elementor-element elementor-element-fe3059f elementor-widget elementor-widget-text-editor\" data-id=\"fe3059f\" data-element_type=\"widget\" data-widget_type=\"text-editor.default\">\n\t\t\t\t<div class=\"elementor-widget-container\">\n\t\t\t\t\t\t\t\t\t<p>Nous nous r\u00e9servons le droit de modifier notre politique de confidentialit\u00e9 \u00e0 tout moment. Toutefois, vous trouverez toujours la version la plus r\u00e9cente sur cette page. Si la nouvelle politique de confidentialit\u00e9 affecte la mani\u00e8re dont nous traitons les donn\u00e9es d\u00e9j\u00e0 collect\u00e9es \u00e0 votre sujet, nous vous en informerons par e-mail.<\/p>\t\t\t\t\t\t\t\t<\/div>\n\t\t\t\t<\/div>\n\t\t\t\t<div class=\"elementor-element elementor-element-d684fa3 elementor-widget elementor-widget-heading\" data-id=\"d684fa3\" data-element_type=\"widget\" data-widget_type=\"heading.default\">\n\t\t\t\t<div class=\"elementor-widget-container\">\n\t\t\t\t\t<h2 class=\"elementor-heading-title elementor-size-default\">Coordonn\u00e9es de la personne \u00e0 contacter<\/h2>\t\t\t\t<\/div>\n\t\t\t\t<\/div>\n\t\t\t\t<div class=\"elementor-element elementor-element-f0d5d26 elementor-widget elementor-widget-text-editor\" data-id=\"f0d5d26\" data-element_type=\"widget\" data-widget_type=\"text-editor.default\">\n\t\t\t\t<div class=\"elementor-widget-container\">\n\t\t\t\t\t\t\t\t\t<p>Alternatievemiddelen.nl BV<br \/>Pastoor Debijestraat 59<br \/>5963 AE Hegelsom<br \/>Pays-Bas<br \/>T <a href=\"tel:+31850433200\">085-0433200<\/a> (disponibilit\u00e9 limit\u00e9e, vous serez rappel\u00e9)<br \/>E <a href=\"mailto:info@alternatievemiddelen.nl\">info@alternatievemiddelen.nl<\/a><\/p>\n<p>Si vous avez des questions ou des commentaires, vous pouvez toujours nous envoyer un e-mail : <a href=\"mailto:info@alternatievemiddelen.nl\">info@alternatievemiddelen.nl<\/a>.<\/p>\t\t\t\t\t\t\t\t<\/div>\n\t\t\t\t<\/div>\n\t\t\t\t\t<\/div>\n\t\t\t\t<\/div>\n\t\t\t\t<\/div>","protected":false},"excerpt":{"rendered":"<p>Privacybeleid en cookies Privacybeleid Alternatievemiddelen.nl BV geeft veel om jouw privacy. Wij verwerken daarom uitsluitend gegevens die wij nodig hebben voor (het verbeteren van) onze dienstverlening en gaan zorgvuldig om met de informatie die wij over jou en jouw gebruik van onze diensten hebben verzameld. Wij stellen jouw gegevens nooit voor commerci\u00eble doelstellingen ter beschikking [&hellip;]<\/p>","protected":false},"author":1,"featured_media":0,"parent":0,"menu_order":0,"comment_status":"closed","ping_status":"open","template":"","meta":{"footnotes":""},"class_list":["post-3","page","type-page","status-publish","hentry"],"yoast_head":"<!-- This site is optimized with the Yoast SEO plugin v26.1 - https:\/\/yoast.com\/wordpress\/plugins\/seo\/ -->\n<title>Privacybeleid - Alternatievemiddelen.nl<\/title>\n<meta name=\"robots\" content=\"noindex, follow\" \/>\n<meta property=\"og:locale\" content=\"fr_FR\" \/>\n<meta property=\"og:type\" content=\"article\" \/>\n<meta property=\"og:title\" content=\"Privacybeleid - Alternatievemiddelen.nl\" \/>\n<meta property=\"og:description\" content=\"Privacybeleid en cookies Privacybeleid Alternatievemiddelen.nl BV geeft veel om jouw privacy. Wij verwerken daarom uitsluitend gegevens die wij nodig hebben voor (het verbeteren van) onze dienstverlening en gaan zorgvuldig om met de informatie die wij over jou en jouw gebruik van onze diensten hebben verzameld. Wij stellen jouw gegevens nooit voor commerci\u00eble doelstellingen ter beschikking [&hellip;]\" \/>\n<meta property=\"og:url\" content=\"https:\/\/www.alternatievemiddelen.nl\/fr\/politique-de-confidentialite\/\" \/>\n<meta property=\"og:site_name\" content=\"Alternatievemiddelen.nl\" \/>\n<meta property=\"article:modified_time\" content=\"2024-03-11T15:30:01+00:00\" \/>\n<meta name=\"twitter:card\" content=\"summary_large_image\" \/>\n<meta name=\"twitter:label1\" content=\"Dur\u00e9e de lecture estim\u00e9e\" \/>\n\t<meta name=\"twitter:data1\" content=\"11 minutes\" \/>\n<script type=\"application\/ld+json\" class=\"yoast-schema-graph\">{\"@context\":\"https:\/\/schema.org\",\"@graph\":[{\"@type\":\"WebPage\",\"@id\":\"https:\/\/www.alternatievemiddelen.nl\/privacybeleid\/\",\"url\":\"https:\/\/www.alternatievemiddelen.nl\/privacybeleid\/\",\"name\":\"Privacybeleid - Alternatievemiddelen.nl\",\"isPartOf\":{\"@id\":\"https:\/\/www.alternatievemiddelen.nl\/#website\"},\"datePublished\":\"2023-09-29T11:20:22+00:00\",\"dateModified\":\"2024-03-11T15:30:01+00:00\",\"breadcrumb\":{\"@id\":\"https:\/\/www.alternatievemiddelen.nl\/privacybeleid\/#breadcrumb\"},\"inLanguage\":\"fr-FR\",\"potentialAction\":[{\"@type\":\"ReadAction\",\"target\":[\"https:\/\/www.alternatievemiddelen.nl\/privacybeleid\/\"]}]},{\"@type\":\"BreadcrumbList\",\"@id\":\"https:\/\/www.alternatievemiddelen.nl\/privacybeleid\/#breadcrumb\",\"itemListElement\":[{\"@type\":\"ListItem\",\"position\":1,\"name\":\"Home\",\"item\":\"https:\/\/www.alternatievemiddelen.nl\/\"},{\"@type\":\"ListItem\",\"position\":2,\"name\":\"Privacybeleid\"}]},{\"@type\":\"WebSite\",\"@id\":\"https:\/\/www.alternatievemiddelen.nl\/#website\",\"url\":\"https:\/\/www.alternatievemiddelen.nl\/\",\"name\":\"Alternatievemiddelen.nl\",\"description\":\"Webshop met gezonde, duurzame en ecologische alternatieve mogelijkheden in de hedendaagse levenstijl. Alles uit eigen ervaring.\",\"publisher\":{\"@id\":\"https:\/\/www.alternatievemiddelen.nl\/#organization\"},\"potentialAction\":[{\"@type\":\"SearchAction\",\"target\":{\"@type\":\"EntryPoint\",\"urlTemplate\":\"https:\/\/www.alternatievemiddelen.nl\/?s={search_term_string}\"},\"query-input\":{\"@type\":\"PropertyValueSpecification\",\"valueRequired\":true,\"valueName\":\"search_term_string\"}}],\"inLanguage\":\"fr-FR\"},{\"@type\":\"Organization\",\"@id\":\"https:\/\/www.alternatievemiddelen.nl\/#organization\",\"name\":\"Alternatievemiddelen.nl\",\"url\":\"https:\/\/www.alternatievemiddelen.nl\/\",\"logo\":{\"@type\":\"ImageObject\",\"inLanguage\":\"fr-FR\",\"@id\":\"https:\/\/www.alternatievemiddelen.nl\/#\/schema\/logo\/image\/\",\"url\":\"https:\/\/www.alternatievemiddelen.nl\/wp-content\/uploads\/2023\/10\/alternatievemiddelen-PNG-logo.png\",\"contentUrl\":\"https:\/\/www.alternatievemiddelen.nl\/wp-content\/uploads\/2023\/10\/alternatievemiddelen-PNG-logo.png\",\"width\":6400,\"height\":3062,\"caption\":\"Alternatievemiddelen.nl\"},\"image\":{\"@id\":\"https:\/\/www.alternatievemiddelen.nl\/#\/schema\/logo\/image\/\"}}]}<\/script>\n<!-- \/ Yoast SEO plugin. -->","yoast_head_json":{"title":"Privacybeleid - Alternatievemiddelen.nl","robots":{"index":"noindex","follow":"follow"},"og_locale":"fr_FR","og_type":"article","og_title":"Privacybeleid - Alternatievemiddelen.nl","og_description":"Privacybeleid en cookies Privacybeleid Alternatievemiddelen.nl BV geeft veel om jouw privacy. Wij verwerken daarom uitsluitend gegevens die wij nodig hebben voor (het verbeteren van) onze dienstverlening en gaan zorgvuldig om met de informatie die wij over jou en jouw gebruik van onze diensten hebben verzameld. Wij stellen jouw gegevens nooit voor commerci\u00eble doelstellingen ter beschikking [&hellip;]","og_url":"https:\/\/www.alternatievemiddelen.nl\/fr\/politique-de-confidentialite\/","og_site_name":"Alternatievemiddelen.nl","article_modified_time":"2024-03-11T15:30:01+00:00","twitter_card":"summary_large_image","twitter_misc":{"Dur\u00e9e de lecture estim\u00e9e":"11 minutes"},"schema":{"@context":"https:\/\/schema.org","@graph":[{"@type":"WebPage","@id":"https:\/\/www.alternatievemiddelen.nl\/privacybeleid\/","url":"https:\/\/www.alternatievemiddelen.nl\/privacybeleid\/","name":"Privacybeleid - Alternatievemiddelen.nl","isPartOf":{"@id":"https:\/\/www.alternatievemiddelen.nl\/#website"},"datePublished":"2023-09-29T11:20:22+00:00","dateModified":"2024-03-11T15:30:01+00:00","breadcrumb":{"@id":"https:\/\/www.alternatievemiddelen.nl\/privacybeleid\/#breadcrumb"},"inLanguage":"fr-FR","potentialAction":[{"@type":"ReadAction","target":["https:\/\/www.alternatievemiddelen.nl\/privacybeleid\/"]}]},{"@type":"BreadcrumbList","@id":"https:\/\/www.alternatievemiddelen.nl\/privacybeleid\/#breadcrumb","itemListElement":[{"@type":"ListItem","position":1,"name":"Home","item":"https:\/\/www.alternatievemiddelen.nl\/"},{"@type":"ListItem","position":2,"name":"Privacybeleid"}]},{"@type":"WebSite","@id":"https:\/\/www.alternatievemiddelen.nl\/#website","url":"https:\/\/www.alternatievemiddelen.nl\/","name":"Alternatievemiddelen.nl","description":"Webshop met gezonde, duurzame en ecologische alternatieve mogelijkheden in de hedendaagse levenstijl. Alles uit eigen ervaring.","publisher":{"@id":"https:\/\/www.alternatievemiddelen.nl\/#organization"},"potentialAction":[{"@type":"SearchAction","target":{"@type":"EntryPoint","urlTemplate":"https:\/\/www.alternatievemiddelen.nl\/?s={search_term_string}"},"query-input":{"@type":"PropertyValueSpecification","valueRequired":true,"valueName":"search_term_string"}}],"inLanguage":"fr-FR"},{"@type":"Organization","@id":"https:\/\/www.alternatievemiddelen.nl\/#organization","name":"Alternatievemiddelen.nl","url":"https:\/\/www.alternatievemiddelen.nl\/","logo":{"@type":"ImageObject","inLanguage":"fr-FR","@id":"https:\/\/www.alternatievemiddelen.nl\/#\/schema\/logo\/image\/","url":"https:\/\/www.alternatievemiddelen.nl\/wp-content\/uploads\/2023\/10\/alternatievemiddelen-PNG-logo.png","contentUrl":"https:\/\/www.alternatievemiddelen.nl\/wp-content\/uploads\/2023\/10\/alternatievemiddelen-PNG-logo.png","width":6400,"height":3062,"caption":"Alternatievemiddelen.nl"},"image":{"@id":"https:\/\/www.alternatievemiddelen.nl\/#\/schema\/logo\/image\/"}}]}},"_links":{"self":[{"href":"https:\/\/www.alternatievemiddelen.nl\/fr\/wp-json\/wp\/v2\/pages\/3","targetHints":{"allow":["GET"]}}],"collection":[{"href":"https:\/\/www.alternatievemiddelen.nl\/fr\/wp-json\/wp\/v2\/pages"}],"about":[{"href":"https:\/\/www.alternatievemiddelen.nl\/fr\/wp-json\/wp\/v2\/types\/page"}],"author":[{"embeddable":true,"href":"https:\/\/www.alternatievemiddelen.nl\/fr\/wp-json\/wp\/v2\/users\/1"}],"replies":[{"embeddable":true,"href":"https:\/\/www.alternatievemiddelen.nl\/fr\/wp-json\/wp\/v2\/comments?post=3"}],"version-history":[{"count":4,"href":"https:\/\/www.alternatievemiddelen.nl\/fr\/wp-json\/wp\/v2\/pages\/3\/revisions"}],"predecessor-version":[{"id":35274,"href":"https:\/\/www.alternatievemiddelen.nl\/fr\/wp-json\/wp\/v2\/pages\/3\/revisions\/35274"}],"wp:attachment":[{"href":"https:\/\/www.alternatievemiddelen.nl\/fr\/wp-json\/wp\/v2\/media?parent=3"}],"curies":[{"name":"wp","href":"https:\/\/api.w.org\/{rel}","templated":true}]}}